{"id":982,"date":"2024-01-31T00:21:36","date_gmt":"2024-01-30T23:21:36","guid":{"rendered":"https:\/\/sfm-management.org\/?page_id=982"},"modified":"2025-01-31T22:38:14","modified_gmt":"2025-01-31T21:38:14","slug":"actualites","status":"publish","type":"page","link":"https:\/\/sfm-management.org\/index.php\/actualites\/","title":{"rendered":"Actualit\u00e9s"},"content":{"rendered":"<div class=\"style-882 style-local-982-c1 position-relative\" data-colibri-id=\"982-c1\">\r\n<div id=\"overlappable\" class=\"h-section h-section-global-spacing d-flex align-items-lg-center align-items-md-center align-items-center style-883 style-local-982-c2 position-relative\" data-colibri-component=\"section\" data-colibri-id=\"982-c2\">\r\n<div class=\"h-section-grid-container h-section-fluid-container\">\r\n<div class=\"h-row-container gutters-row-lg-0 gutters-row-md-0 gutters-row-2 gutters-row-v-lg-0 gutters-row-v-md-0 gutters-row-v-2 style-884 style-local-982-c3 position-relative\" data-colibri-id=\"982-c3\">\r\n<div class=\"h-row justify-content-lg-center justify-content-md-center justify-content-center align-items-lg-stretch align-items-md-stretch align-items-stretch gutters-col-lg-0 gutters-col-md-0 gutters-col-2 gutters-col-v-lg-0 gutters-col-v-md-0 gutters-col-v-2\">\r\n<div class=\"h-column h-column-container d-flex h-col-lg-12 h-col-md-12 h-col-12 style-885-outer style-local-982-c4-outer\">\r\n<div class=\"d-flex h-flex-basis h-column__inner h-px-lg-3 h-px-md-3 h-px-2 v-inner-lg-3 v-inner-md-3 v-inner-2 style-885 style-local-982-c4 position-relative\" data-colibri-id=\"982-c4\">\r\n<div class=\"w-100 h-y-container h-column__content h-column__v-align flex-basis-100 align-self-lg-start align-self-md-start align-self-start\">\r\n<div class=\"h-global-transition-all h-heading style-887 style-local-982-c6 position-relative h-element\" data-colibri-id=\"982-c6\">\r\n<div class=\"h-heading__outer style-887 style-local-982-c6\">\r\n<h5 class=\"\" style=\"text-align: center;\">Session introductive au s\u00e9minaire d\u2019hiver 2025 portant sur le\u00a0th\u00e8me <strong>IA &amp; Soutenabilit\u00e9.\u00a0<\/strong><\/h5>\r\n<p style=\"text-align: center;\">Le 30.01.25 \u00e0 17h30, en distanciel<\/p>\r\n<\/div>\r\n<\/div>\r\n<div class=\"h-text h-text-component style-888 style-local-982-c7 position-relative h-element\" data-colibri-id=\"982-c7\">\r\n<div class=\"\">\r\n<h5 class=\"\" style=\"text-align: center;\"><strong>Nous aurons le plaisir d\u2019\u00e9couter et de discuter avec trois intervenants experts :<\/strong><\/h5>\r\n<p style=\"text-align: left;\"><strong>Pauline Gourlet<\/strong>, Chercheuse et ergonome au sein du Medialab de Sciences Po.<\/p>\r\n<p style=\"text-align: left;\"><em>Comment probl\u00e9matiser les effets de l&rsquo;introduction de techniques dites \u00ab\u00a0d&rsquo;IA\u00a0\u00bb sur les pratiques concr\u00e8tes et les cha\u00eenes de travail ? Depuis quels points de vue et quelles performativit\u00e9s ces cadrages ont-ils ? Cette pr\u00e9sentation s\u2019appuiera sur une exp\u00e9rimentation men\u00e9e au sein de la Direction G\u00e9n\u00e9rale des Finances Publiques (DGFiP) visant \u00e0 automatiser la mise \u00e0 jour du cadastre \u00e0 partir de prises de vue a\u00e9riennes. Loin des discours m\u00e9diatiques b\u00e9ats ou\u00a0catastrophistes de l\u2019IA, cette \u00e9tude de cas permet de mettre en regard les promesses et les intentions des concepteurs avec la diversit\u00e9 des transformations et des probl\u00e8mes que ces techniques g\u00e9n\u00e8rent en pratique. Nous proposons ici une lecture originale qui cherche \u00e0 rendre visible\u00a0des effets concrets de l&rsquo;\u00e9conomie de la promesse de l&rsquo;IA ainsi qu\u2019une tentative d\u2019appr\u00e9hender autrement cet objet fuyant, en pluralisant les perspectives depuis lesquelles les probl\u00e8mes sont d\u00e9crits.<\/em><\/p>\r\n<p style=\"text-align: left;\"><strong>Thomas Cottinet<\/strong>, Directeur de l&rsquo;Ecolab, service du minist\u00e8re de la transition \u00e9cologique qui vise notamment \u00e0 \u00e9tudier la contribution de l&rsquo;IA \u00e0 la transition \u00e9cologique, \u00e0 travers l&rsquo;IA frugale.<\/p>\r\n<p style=\"text-align: left;\"><em>L\u2019IA sera successivement pr\u00e9sent\u00e9e comme un outil venant soutenir les politiques publiques relatives \u00e0 la transition \u00e9cologique au sens large, puis comme un moyen de moderniser les administrations qui portent ces politiques publiques.<\/em><\/p>\r\n<p style=\"text-align: left;\"><strong>Claire Marzo<\/strong>, MCF HDR en droit public, coordonne avec Pierre Valarcher le projet IAG4UPEC.<\/p>\r\n<p style=\"text-align: left;\"><em>Cette pr\u00e9sentation a pour objet de poser la question de la soutenabilit\u00e9 de l\u2019IA dans le champ des relations du travail. Plus pr\u00e9cis\u00e9ment, un examen des conventions collectives fran\u00e7aises r\u00e9centes en mati\u00e8re d\u2019IA montre si et comment les travailleurs, leurs repr\u00e9sentants et les employeurs\/ les entreprises commencent \u00e0 appr\u00e9hender cet objet. Il s\u2019agira d\u2019abord de comprendre si et comment l\u2019IA transforme, voire d\u00e9stabilise le travail et comment cette transformation est reprise ou non par les conventions collectives. Il s\u2019agira ensuite de se poser la question de savoir comment les conventions collectives peuvent faire face \u00e0 ces transformations, posant ainsi \u00e0 la fois une question tr\u00e8s g\u00e9n\u00e9rale du bien-fond\u00e9 de la r\u00e9gulation et la question tr\u00e8s pr\u00e9cise du contenu des clauses des conventions ou accords qui abordent ce sujet. Enfin il faudra se poser la question de l\u2019ad\u00e9quation de l\u2019instrument qu\u2019est la convention collective pour faire face aux transformations apport\u00e9es par l\u2019IA.<br \/>La conclusion sera l\u2019occasion d\u2019envisager la soutenabilit\u00e9 de l\u2019IA \u00e0 la lumi\u00e8re de son appr\u00e9hension par les acteurs du travail (empowerment) et de son encadrement juridique (premi\u00e8res lois, r\u00e8glement et directive europ\u00e9ens et leurs manques).<\/em><\/p>\r\n<p style=\"text-align: left;\">\u00a0<\/p>\r\n<\/div>\r\n<\/div>\r\n<\/div>\r\n<\/div>\r\n<\/div>\r\n<\/div>\r\n<\/div>\r\n<\/div>\r\n<\/div>\r\n<\/div>\r\n\r\n\r\n<p><\/p>\r\n","protected":false},"excerpt":{"rendered":"<p>Session introductive au s\u00e9minaire d\u2019hiver 2025 portant sur le\u00a0th\u00e8me IA &amp; Soutenabilit\u00e9.\u00a0 Le 30.01.25 \u00e0 17h30, en distanciel Nous aurons le plaisir d\u2019\u00e9couter et de discuter avec trois intervenants experts : Pauline Gourlet, Chercheuse et ergonome au sein du Medialab de Sciences Po. Comment probl\u00e9matiser les effets de l&rsquo;introduction de techniques dites \u00ab\u00a0d&rsquo;IA\u00a0\u00bb sur les [&hellip;]<\/p>\n","protected":false},"author":1,"featured_media":0,"parent":0,"menu_order":0,"comment_status":"closed","ping_status":"closed","template":"page-templates\/full-width-page.php","meta":[],"yoast_head":"<!-- This site is optimized with the Yoast SEO plugin v19.4 - https:\/\/yoast.com\/wordpress\/plugins\/seo\/ -->\n<title>Actualit\u00e9s - Soci\u00e9t\u00e9 Fran\u00e7aise de Management<\/title>\n<meta name=\"robots\" content=\"index, follow, max-snippet:-1, max-image-preview:large, max-video-preview:-1\" \/>\n<link rel=\"canonical\" href=\"https:\/\/sfm-management.org\/index.php\/actualites\/\" \/>\n<meta property=\"og:locale\" content=\"fr_FR\" \/>\n<meta property=\"og:type\" content=\"article\" \/>\n<meta property=\"og:title\" content=\"Actualit\u00e9s - Soci\u00e9t\u00e9 Fran\u00e7aise de Management\" \/>\n<meta property=\"og:description\" content=\"Session introductive au s\u00e9minaire d\u2019hiver 2025 portant sur le\u00a0th\u00e8me IA &amp; Soutenabilit\u00e9.\u00a0 Le 30.01.25 \u00e0 17h30, en distanciel Nous aurons le plaisir d\u2019\u00e9couter et de discuter avec trois intervenants experts : Pauline Gourlet, Chercheuse et ergonome au sein du Medialab de Sciences Po. Comment probl\u00e9matiser les effets de l&rsquo;introduction de techniques dites \u00ab\u00a0d&rsquo;IA\u00a0\u00bb sur les [&hellip;]\" \/>\n<meta property=\"og:url\" content=\"https:\/\/sfm-management.org\/index.php\/actualites\/\" \/>\n<meta property=\"og:site_name\" content=\"Soci\u00e9t\u00e9 Fran\u00e7aise de Management\" \/>\n<meta property=\"article:modified_time\" content=\"2025-01-31T21:38:14+00:00\" \/>\n<meta property=\"og:image\" content=\"https:\/\/sfm-management.org\/wp-content\/uploads\/2021\/11\/sfm-1024x348.png\" \/>\n\t<meta property=\"og:image:width\" content=\"1024\" \/>\n\t<meta property=\"og:image:height\" content=\"348\" \/>\n\t<meta property=\"og:image:type\" content=\"image\/png\" \/>\n<meta name=\"twitter:card\" content=\"summary_large_image\" \/>\n<meta name=\"twitter:site\" content=\"@SocFrMgmt\" \/>\n<meta name=\"twitter:label1\" content=\"Dur\u00e9e de lecture estim\u00e9e\" \/>\n\t<meta name=\"twitter:data1\" content=\"2 minutes\" \/>\n<script type=\"application\/ld+json\" class=\"yoast-schema-graph\">{\"@context\":\"https:\/\/schema.org\",\"@graph\":[{\"@type\":\"Organization\",\"@id\":\"https:\/\/sfm-management.org\/#organization\",\"name\":\"Soci\u00e9t\u00e9 Fran\u00e7aise de Management\",\"url\":\"https:\/\/sfm-management.org\/\",\"sameAs\":[\"https:\/\/www.linkedin.com\/company\/70413167\/\",\"https:\/\/twitter.com\/SocFrMgmt\"],\"logo\":{\"@type\":\"ImageObject\",\"inLanguage\":\"fr-FR\",\"@id\":\"https:\/\/sfm-management.org\/#\/schema\/logo\/image\/\",\"url\":\"https:\/\/sfm-management.org\/wp-content\/uploads\/2020\/09\/cropped-logo-1.png\",\"contentUrl\":\"https:\/\/sfm-management.org\/wp-content\/uploads\/2020\/09\/cropped-logo-1.png\",\"width\":345,\"height\":238,\"caption\":\"Soci\u00e9t\u00e9 Fran\u00e7aise de Management\"},\"image\":{\"@id\":\"https:\/\/sfm-management.org\/#\/schema\/logo\/image\/\"}},{\"@type\":\"WebSite\",\"@id\":\"https:\/\/sfm-management.org\/#website\",\"url\":\"https:\/\/sfm-management.org\/\",\"name\":\"Soci\u00e9t\u00e9 Fran\u00e7aise de Management\",\"description\":\"\",\"publisher\":{\"@id\":\"https:\/\/sfm-management.org\/#organization\"},\"potentialAction\":[{\"@type\":\"SearchAction\",\"target\":{\"@type\":\"EntryPoint\",\"urlTemplate\":\"https:\/\/sfm-management.org\/?s={search_term_string}\"},\"query-input\":\"required name=search_term_string\"}],\"inLanguage\":\"fr-FR\"},{\"@type\":\"WebPage\",\"@id\":\"https:\/\/sfm-management.org\/index.php\/actualites\/\",\"url\":\"https:\/\/sfm-management.org\/index.php\/actualites\/\",\"name\":\"Actualit\u00e9s - Soci\u00e9t\u00e9 Fran\u00e7aise de Management\",\"isPartOf\":{\"@id\":\"https:\/\/sfm-management.org\/#website\"},\"datePublished\":\"2024-01-30T23:21:36+00:00\",\"dateModified\":\"2025-01-31T21:38:14+00:00\",\"breadcrumb\":{\"@id\":\"https:\/\/sfm-management.org\/index.php\/actualites\/#breadcrumb\"},\"inLanguage\":\"fr-FR\",\"potentialAction\":[{\"@type\":\"ReadAction\",\"target\":[\"https:\/\/sfm-management.org\/index.php\/actualites\/\"]}]},{\"@type\":\"BreadcrumbList\",\"@id\":\"https:\/\/sfm-management.org\/index.php\/actualites\/#breadcrumb\",\"itemListElement\":[{\"@type\":\"ListItem\",\"position\":1,\"name\":\"Accueil\",\"item\":\"https:\/\/sfm-management.org\/\"},{\"@type\":\"ListItem\",\"position\":2,\"name\":\"Actualit\u00e9s\"}]}]}<\/script>\n<!-- \/ Yoast SEO plugin. -->","yoast_head_json":{"title":"Actualit\u00e9s - Soci\u00e9t\u00e9 Fran\u00e7aise de Management","robots":{"index":"index","follow":"follow","max-snippet":"max-snippet:-1","max-image-preview":"max-image-preview:large","max-video-preview":"max-video-preview:-1"},"canonical":"https:\/\/sfm-management.org\/index.php\/actualites\/","og_locale":"fr_FR","og_type":"article","og_title":"Actualit\u00e9s - Soci\u00e9t\u00e9 Fran\u00e7aise de Management","og_description":"Session introductive au s\u00e9minaire d\u2019hiver 2025 portant sur le\u00a0th\u00e8me IA &amp; Soutenabilit\u00e9.\u00a0 Le 30.01.25 \u00e0 17h30, en distanciel Nous aurons le plaisir d\u2019\u00e9couter et de discuter avec trois intervenants experts : Pauline Gourlet, Chercheuse et ergonome au sein du Medialab de Sciences Po. Comment probl\u00e9matiser les effets de l&rsquo;introduction de techniques dites \u00ab\u00a0d&rsquo;IA\u00a0\u00bb sur les [&hellip;]","og_url":"https:\/\/sfm-management.org\/index.php\/actualites\/","og_site_name":"Soci\u00e9t\u00e9 Fran\u00e7aise de Management","article_modified_time":"2025-01-31T21:38:14+00:00","og_image":[{"width":1024,"height":348,"url":"https:\/\/sfm-management.org\/wp-content\/uploads\/2021\/11\/sfm-1024x348.png","type":"image\/png"}],"twitter_card":"summary_large_image","twitter_site":"@SocFrMgmt","twitter_misc":{"Dur\u00e9e de lecture estim\u00e9e":"2 minutes"},"schema":{"@context":"https:\/\/schema.org","@graph":[{"@type":"Organization","@id":"https:\/\/sfm-management.org\/#organization","name":"Soci\u00e9t\u00e9 Fran\u00e7aise de Management","url":"https:\/\/sfm-management.org\/","sameAs":["https:\/\/www.linkedin.com\/company\/70413167\/","https:\/\/twitter.com\/SocFrMgmt"],"logo":{"@type":"ImageObject","inLanguage":"fr-FR","@id":"https:\/\/sfm-management.org\/#\/schema\/logo\/image\/","url":"https:\/\/sfm-management.org\/wp-content\/uploads\/2020\/09\/cropped-logo-1.png","contentUrl":"https:\/\/sfm-management.org\/wp-content\/uploads\/2020\/09\/cropped-logo-1.png","width":345,"height":238,"caption":"Soci\u00e9t\u00e9 Fran\u00e7aise de Management"},"image":{"@id":"https:\/\/sfm-management.org\/#\/schema\/logo\/image\/"}},{"@type":"WebSite","@id":"https:\/\/sfm-management.org\/#website","url":"https:\/\/sfm-management.org\/","name":"Soci\u00e9t\u00e9 Fran\u00e7aise de Management","description":"","publisher":{"@id":"https:\/\/sfm-management.org\/#organization"},"potentialAction":[{"@type":"SearchAction","target":{"@type":"EntryPoint","urlTemplate":"https:\/\/sfm-management.org\/?s={search_term_string}"},"query-input":"required name=search_term_string"}],"inLanguage":"fr-FR"},{"@type":"WebPage","@id":"https:\/\/sfm-management.org\/index.php\/actualites\/","url":"https:\/\/sfm-management.org\/index.php\/actualites\/","name":"Actualit\u00e9s - Soci\u00e9t\u00e9 Fran\u00e7aise de Management","isPartOf":{"@id":"https:\/\/sfm-management.org\/#website"},"datePublished":"2024-01-30T23:21:36+00:00","dateModified":"2025-01-31T21:38:14+00:00","breadcrumb":{"@id":"https:\/\/sfm-management.org\/index.php\/actualites\/#breadcrumb"},"inLanguage":"fr-FR","potentialAction":[{"@type":"ReadAction","target":["https:\/\/sfm-management.org\/index.php\/actualites\/"]}]},{"@type":"BreadcrumbList","@id":"https:\/\/sfm-management.org\/index.php\/actualites\/#breadcrumb","itemListElement":[{"@type":"ListItem","position":1,"name":"Accueil","item":"https:\/\/sfm-management.org\/"},{"@type":"ListItem","position":2,"name":"Actualit\u00e9s"}]}]}},"_links":{"self":[{"href":"https:\/\/sfm-management.org\/index.php\/wp-json\/wp\/v2\/pages\/982"}],"collection":[{"href":"https:\/\/sfm-management.org\/index.php\/wp-json\/wp\/v2\/pages"}],"about":[{"href":"https:\/\/sfm-management.org\/index.php\/wp-json\/wp\/v2\/types\/page"}],"author":[{"embeddable":true,"href":"https:\/\/sfm-management.org\/index.php\/wp-json\/wp\/v2\/users\/1"}],"replies":[{"embeddable":true,"href":"https:\/\/sfm-management.org\/index.php\/wp-json\/wp\/v2\/comments?post=982"}],"version-history":[{"count":17,"href":"https:\/\/sfm-management.org\/index.php\/wp-json\/wp\/v2\/pages\/982\/revisions"}],"predecessor-version":[{"id":1697,"href":"https:\/\/sfm-management.org\/index.php\/wp-json\/wp\/v2\/pages\/982\/revisions\/1697"}],"wp:attachment":[{"href":"https:\/\/sfm-management.org\/index.php\/wp-json\/wp\/v2\/media?parent=982"}],"curies":[{"name":"wp","href":"https:\/\/api.w.org\/{rel}","templated":true}]}}