{"id":1012,"date":"2024-02-01T16:54:30","date_gmt":"2024-02-01T15:54:30","guid":{"rendered":"https:\/\/sfm-management.org\/?page_id=1012"},"modified":"2026-03-08T22:58:38","modified_gmt":"2026-03-08T21:58:38","slug":"conseil-d-administration","status":"publish","type":"page","link":"https:\/\/sfm-management.org\/index.php\/conseil-d-administration\/","title":{"rendered":"Conseil d&rsquo;administration"},"content":{"rendered":"\n<p><strong>CONSEIL D&rsquo;ADMINISTRATION et PRESIDENT(E) de l\u2019ASSOCIATION&nbsp;<\/strong><\/p>\n\n\n\n<p class=\"has-text-align-left\">La SFM est administr\u00e9e par un conseil d&rsquo;administration qui comporte au plus vingt &#8211; quatre membres \u00e9lus, renouvelables par tiers tous les ans. Les administrateurs ne peuvent exercer que deux mandats successifs. Les administrateurs sont \u00e9lus par l&rsquo;assembl\u00e9e g\u00e9n\u00e9rale ordinaire au scrutin plurinominal. Pour \u00eatre \u00e9ligible il faut \u00eatre membre de l\u2019association. Le(a) pr\u00e9sident(e) de l\u2019association est \u00e9lu(e) par le conseil d\u2019administration pour une dur\u00e9e de deux ans, renouvelable une fois. Le conseil d&rsquo;administration se r\u00e9unit aussi souvent que n\u00e9cessaire et au moins une fois par an, sur convocation de son pr\u00e9sident ou \u00e0 la demande d\u2019un tiers au moins de ses membres. Il peut \u00eatre consult\u00e9 par voie \u00e9lectronique. Le conseil d&rsquo;administration valide les orientations strat\u00e9giques pr\u00e9sent\u00e9es par le(a) Pr\u00e9sident(e) et le bureau de l\u2019association, \u00e9met des propositions pour l\u2019avenir et contr\u00f4le la gestion de l\u2019association. Les d\u00e9cisions du conseil d&rsquo;administration sont prises \u00e0 la majorit\u00e9 simple des membres pr\u00e9sents ou repr\u00e9sent\u00e9s. Les votes par procuration sont autoris\u00e9s dans la limite d\u2019une procuration par administrateur pr\u00e9sent. En cas de partage, la voix du\/de la Pr\u00e9sident(e) est pr\u00e9pond\u00e9rante.&nbsp;<\/p>\n\n\n\n<p><strong>Les membres du CA de la SFM<\/strong><\/p>\n\n\n\n<figure class=\"wp-block-table\"><table><tbody><tr><td>M\u00e9ric J\u00e9r\u00f4me <\/td><td>Pr\u00e9sident de la SFM<br>Professeur <\/td><td>IAE Poitiers<\/td><\/tr><tr><td>Boucaud Lucas<\/td><td>Secr\u00e9taire g\u00e9n\u00e9ral de la SFM<br>MCF <\/td><td>Universit\u00e9 de Rouen, IAE Rouen<\/td><\/tr><tr><td>Nogatchewsky Gwenaelle<\/td><td>Tr\u00e9sori\u00e8re SFM&nbsp;<br>MCF HDR&nbsp;<\/td><td>Universit\u00e9 Paris Dauphine<\/td><\/tr><tr><td>Aggeri Franck<\/td><td>PU<\/td><td>Mines Paris Tech<\/td><\/tr><tr><td>Badot Olivier<\/td><td>PU<\/td><td>ESCP<\/td><\/tr><tr><td>Bazin Yoann<\/td><td>MCF&nbsp;<\/td><td>EM Normandie<\/td><\/tr><tr><td>Chanlat Jean-Fran\u00e7ois<\/td><td>Professeur Emerite<\/td><td>Universit\u00e9 Paris Dauphine<\/td><\/tr><tr><td>Cornuel Eric<\/td><td>Pr\u00e9sident EFMD<br>Professeur<\/td><td>EFMD<br>Universit\u00e9 de Louvain<\/td><\/tr><tr><td>Dameron St\u00e9phanie<\/td><td>PU<\/td><td>Universit\u00e9 Paris Dauphine<\/td><\/tr><tr><td>Denis Jean-Philippe<\/td><td>PU<br>Co-directeur de collection, EMS<\/td><td>Universit\u00e9 Paris Saclay<\/td><\/tr><tr><td>Detchessahar Mathieu&nbsp;<\/td><td>PU<\/td><td>Universit\u00e9 de Nantes, IAE Nantes<\/td><\/tr><tr><td>Deville Aude<\/td><td>PU<\/td><td>Universit\u00e9 Nice Cote d&rsquo;Azue<\/td><\/tr><tr><td>Donada Carole<\/td><td>PU<\/td><td>ESSEC<\/td><\/tr><tr><td>Dumez Herv\u00e9<\/td><td>PU<br>Directeur de recherche CNRS&nbsp;<br>Directeur CRG<\/td><td>Ecole polytechnique<\/td><\/tr><tr><td>Hatchuel Armand<\/td><td>Professeur Emerite<\/td><td>Mines Paris Tech<\/td><\/tr><tr><td>Jardat R\u00e9mi<\/td><td>PU<\/td><td>Universit\u00e9 d&rsquo;Evry<\/td><\/tr><tr><td>Janand Anne<\/td><td>MCF HDR<\/td><td>Universit\u00e9 Paris Saclay<\/td><\/tr><tr><td>Laufer Romain<\/td><td>Professeur Emerite<\/td><td>HEC<\/td><\/tr><tr><td>Lecocq Xavier<\/td><td>PU<\/td><td>Universit\u00e9 de Lille, IAE LILLE&nbsp;<\/td><\/tr><tr><td>M\u00e9ric J\u00e9r\u00f4me<\/td><td>PU<\/td><td>Universit\u00e9 de Poitiers, IAE Poitiers&nbsp;<\/td><\/tr><tr><td>Pasquero Jean<\/td><td>PU<\/td><td>UQAM<\/td><\/tr><tr><td>Torset Christophe<\/td><td>PU<\/td><td>Universit\u00e9 Paris Est<\/td><\/tr><\/tbody><\/table><\/figure>\n","protected":false},"excerpt":{"rendered":"<p>CONSEIL D&rsquo;ADMINISTRATION et PRESIDENT(E) de l\u2019ASSOCIATION&nbsp; La SFM est administr\u00e9e par un conseil d&rsquo;administration qui comporte au plus vingt &#8211; quatre membres \u00e9lus, renouvelables par tiers tous les ans. Les administrateurs ne peuvent exercer que deux mandats successifs. Les administrateurs sont \u00e9lus par l&rsquo;assembl\u00e9e g\u00e9n\u00e9rale ordinaire au scrutin plurinominal. Pour \u00eatre \u00e9ligible il faut \u00eatre [&hellip;]<\/p>\n","protected":false},"author":1,"featured_media":0,"parent":0,"menu_order":0,"comment_status":"closed","ping_status":"closed","template":"","meta":[],"yoast_head":"<!-- This site is optimized with the Yoast SEO plugin v19.4 - https:\/\/yoast.com\/wordpress\/plugins\/seo\/ -->\n<title>Conseil d&#039;administration - Soci\u00e9t\u00e9 Fran\u00e7aise de Management<\/title>\n<meta name=\"robots\" content=\"index, follow, max-snippet:-1, max-image-preview:large, max-video-preview:-1\" \/>\n<link rel=\"canonical\" href=\"https:\/\/sfm-management.org\/index.php\/conseil-d-administration\/\" \/>\n<meta property=\"og:locale\" content=\"fr_FR\" \/>\n<meta property=\"og:type\" content=\"article\" \/>\n<meta property=\"og:title\" content=\"Conseil d&#039;administration - Soci\u00e9t\u00e9 Fran\u00e7aise de Management\" \/>\n<meta property=\"og:description\" content=\"CONSEIL D&rsquo;ADMINISTRATION et PRESIDENT(E) de l\u2019ASSOCIATION&nbsp; La SFM est administr\u00e9e par un conseil d&rsquo;administration qui comporte au plus vingt &#8211; quatre membres \u00e9lus, renouvelables par tiers tous les ans. Les administrateurs ne peuvent exercer que deux mandats successifs. Les administrateurs sont \u00e9lus par l&rsquo;assembl\u00e9e g\u00e9n\u00e9rale ordinaire au scrutin plurinominal. Pour \u00eatre \u00e9ligible il faut \u00eatre [&hellip;]\" \/>\n<meta property=\"og:url\" content=\"https:\/\/sfm-management.org\/index.php\/conseil-d-administration\/\" \/>\n<meta property=\"og:site_name\" content=\"Soci\u00e9t\u00e9 Fran\u00e7aise de Management\" \/>\n<meta property=\"article:modified_time\" content=\"2026-03-08T21:58:38+00:00\" \/>\n<meta property=\"og:image\" content=\"https:\/\/sfm-management.org\/wp-content\/uploads\/2021\/11\/sfm-1024x348.png\" \/>\n\t<meta property=\"og:image:width\" content=\"1024\" \/>\n\t<meta property=\"og:image:height\" content=\"348\" \/>\n\t<meta property=\"og:image:type\" content=\"image\/png\" \/>\n<meta name=\"twitter:card\" content=\"summary_large_image\" \/>\n<meta name=\"twitter:site\" content=\"@SocFrMgmt\" \/>\n<meta name=\"twitter:label1\" content=\"Dur\u00e9e de lecture estim\u00e9e\" \/>\n\t<meta name=\"twitter:data1\" content=\"2 minutes\" \/>\n<script type=\"application\/ld+json\" class=\"yoast-schema-graph\">{\"@context\":\"https:\/\/schema.org\",\"@graph\":[{\"@type\":\"Organization\",\"@id\":\"https:\/\/sfm-management.org\/#organization\",\"name\":\"Soci\u00e9t\u00e9 Fran\u00e7aise de Management\",\"url\":\"https:\/\/sfm-management.org\/\",\"sameAs\":[\"https:\/\/www.linkedin.com\/company\/70413167\/\",\"https:\/\/twitter.com\/SocFrMgmt\"],\"logo\":{\"@type\":\"ImageObject\",\"inLanguage\":\"fr-FR\",\"@id\":\"https:\/\/sfm-management.org\/#\/schema\/logo\/image\/\",\"url\":\"https:\/\/sfm-management.org\/wp-content\/uploads\/2020\/09\/cropped-logo-1.png\",\"contentUrl\":\"https:\/\/sfm-management.org\/wp-content\/uploads\/2020\/09\/cropped-logo-1.png\",\"width\":345,\"height\":238,\"caption\":\"Soci\u00e9t\u00e9 Fran\u00e7aise de Management\"},\"image\":{\"@id\":\"https:\/\/sfm-management.org\/#\/schema\/logo\/image\/\"}},{\"@type\":\"WebSite\",\"@id\":\"https:\/\/sfm-management.org\/#website\",\"url\":\"https:\/\/sfm-management.org\/\",\"name\":\"Soci\u00e9t\u00e9 Fran\u00e7aise de Management\",\"description\":\"\",\"publisher\":{\"@id\":\"https:\/\/sfm-management.org\/#organization\"},\"potentialAction\":[{\"@type\":\"SearchAction\",\"target\":{\"@type\":\"EntryPoint\",\"urlTemplate\":\"https:\/\/sfm-management.org\/?s={search_term_string}\"},\"query-input\":\"required name=search_term_string\"}],\"inLanguage\":\"fr-FR\"},{\"@type\":\"WebPage\",\"@id\":\"https:\/\/sfm-management.org\/index.php\/conseil-d-administration\/\",\"url\":\"https:\/\/sfm-management.org\/index.php\/conseil-d-administration\/\",\"name\":\"Conseil d'administration - Soci\u00e9t\u00e9 Fran\u00e7aise de Management\",\"isPartOf\":{\"@id\":\"https:\/\/sfm-management.org\/#website\"},\"datePublished\":\"2024-02-01T15:54:30+00:00\",\"dateModified\":\"2026-03-08T21:58:38+00:00\",\"breadcrumb\":{\"@id\":\"https:\/\/sfm-management.org\/index.php\/conseil-d-administration\/#breadcrumb\"},\"inLanguage\":\"fr-FR\",\"potentialAction\":[{\"@type\":\"ReadAction\",\"target\":[\"https:\/\/sfm-management.org\/index.php\/conseil-d-administration\/\"]}]},{\"@type\":\"BreadcrumbList\",\"@id\":\"https:\/\/sfm-management.org\/index.php\/conseil-d-administration\/#breadcrumb\",\"itemListElement\":[{\"@type\":\"ListItem\",\"position\":1,\"name\":\"Accueil\",\"item\":\"https:\/\/sfm-management.org\/\"},{\"@type\":\"ListItem\",\"position\":2,\"name\":\"Conseil d&#8217;administration\"}]}]}<\/script>\n<!-- \/ Yoast SEO plugin. -->","yoast_head_json":{"title":"Conseil d'administration - Soci\u00e9t\u00e9 Fran\u00e7aise de Management","robots":{"index":"index","follow":"follow","max-snippet":"max-snippet:-1","max-image-preview":"max-image-preview:large","max-video-preview":"max-video-preview:-1"},"canonical":"https:\/\/sfm-management.org\/index.php\/conseil-d-administration\/","og_locale":"fr_FR","og_type":"article","og_title":"Conseil d'administration - Soci\u00e9t\u00e9 Fran\u00e7aise de Management","og_description":"CONSEIL D&rsquo;ADMINISTRATION et PRESIDENT(E) de l\u2019ASSOCIATION&nbsp; La SFM est administr\u00e9e par un conseil d&rsquo;administration qui comporte au plus vingt &#8211; quatre membres \u00e9lus, renouvelables par tiers tous les ans. Les administrateurs ne peuvent exercer que deux mandats successifs. Les administrateurs sont \u00e9lus par l&rsquo;assembl\u00e9e g\u00e9n\u00e9rale ordinaire au scrutin plurinominal. Pour \u00eatre \u00e9ligible il faut \u00eatre [&hellip;]","og_url":"https:\/\/sfm-management.org\/index.php\/conseil-d-administration\/","og_site_name":"Soci\u00e9t\u00e9 Fran\u00e7aise de Management","article_modified_time":"2026-03-08T21:58:38+00:00","og_image":[{"width":1024,"height":348,"url":"https:\/\/sfm-management.org\/wp-content\/uploads\/2021\/11\/sfm-1024x348.png","type":"image\/png"}],"twitter_card":"summary_large_image","twitter_site":"@SocFrMgmt","twitter_misc":{"Dur\u00e9e de lecture estim\u00e9e":"2 minutes"},"schema":{"@context":"https:\/\/schema.org","@graph":[{"@type":"Organization","@id":"https:\/\/sfm-management.org\/#organization","name":"Soci\u00e9t\u00e9 Fran\u00e7aise de Management","url":"https:\/\/sfm-management.org\/","sameAs":["https:\/\/www.linkedin.com\/company\/70413167\/","https:\/\/twitter.com\/SocFrMgmt"],"logo":{"@type":"ImageObject","inLanguage":"fr-FR","@id":"https:\/\/sfm-management.org\/#\/schema\/logo\/image\/","url":"https:\/\/sfm-management.org\/wp-content\/uploads\/2020\/09\/cropped-logo-1.png","contentUrl":"https:\/\/sfm-management.org\/wp-content\/uploads\/2020\/09\/cropped-logo-1.png","width":345,"height":238,"caption":"Soci\u00e9t\u00e9 Fran\u00e7aise de Management"},"image":{"@id":"https:\/\/sfm-management.org\/#\/schema\/logo\/image\/"}},{"@type":"WebSite","@id":"https:\/\/sfm-management.org\/#website","url":"https:\/\/sfm-management.org\/","name":"Soci\u00e9t\u00e9 Fran\u00e7aise de Management","description":"","publisher":{"@id":"https:\/\/sfm-management.org\/#organization"},"potentialAction":[{"@type":"SearchAction","target":{"@type":"EntryPoint","urlTemplate":"https:\/\/sfm-management.org\/?s={search_term_string}"},"query-input":"required name=search_term_string"}],"inLanguage":"fr-FR"},{"@type":"WebPage","@id":"https:\/\/sfm-management.org\/index.php\/conseil-d-administration\/","url":"https:\/\/sfm-management.org\/index.php\/conseil-d-administration\/","name":"Conseil d'administration - Soci\u00e9t\u00e9 Fran\u00e7aise de Management","isPartOf":{"@id":"https:\/\/sfm-management.org\/#website"},"datePublished":"2024-02-01T15:54:30+00:00","dateModified":"2026-03-08T21:58:38+00:00","breadcrumb":{"@id":"https:\/\/sfm-management.org\/index.php\/conseil-d-administration\/#breadcrumb"},"inLanguage":"fr-FR","potentialAction":[{"@type":"ReadAction","target":["https:\/\/sfm-management.org\/index.php\/conseil-d-administration\/"]}]},{"@type":"BreadcrumbList","@id":"https:\/\/sfm-management.org\/index.php\/conseil-d-administration\/#breadcrumb","itemListElement":[{"@type":"ListItem","position":1,"name":"Accueil","item":"https:\/\/sfm-management.org\/"},{"@type":"ListItem","position":2,"name":"Conseil d&#8217;administration"}]}]}},"_links":{"self":[{"href":"https:\/\/sfm-management.org\/index.php\/wp-json\/wp\/v2\/pages\/1012"}],"collection":[{"href":"https:\/\/sfm-management.org\/index.php\/wp-json\/wp\/v2\/pages"}],"about":[{"href":"https:\/\/sfm-management.org\/index.php\/wp-json\/wp\/v2\/types\/page"}],"author":[{"embeddable":true,"href":"https:\/\/sfm-management.org\/index.php\/wp-json\/wp\/v2\/users\/1"}],"replies":[{"embeddable":true,"href":"https:\/\/sfm-management.org\/index.php\/wp-json\/wp\/v2\/comments?post=1012"}],"version-history":[{"count":10,"href":"https:\/\/sfm-management.org\/index.php\/wp-json\/wp\/v2\/pages\/1012\/revisions"}],"predecessor-version":[{"id":2127,"href":"https:\/\/sfm-management.org\/index.php\/wp-json\/wp\/v2\/pages\/1012\/revisions\/2127"}],"wp:attachment":[{"href":"https:\/\/sfm-management.org\/index.php\/wp-json\/wp\/v2\/media?parent=1012"}],"curies":[{"name":"wp","href":"https:\/\/api.w.org\/{rel}","templated":true}]}}