{"id":1008,"date":"2024-02-01T16:48:03","date_gmt":"2024-02-01T15:48:03","guid":{"rendered":"https:\/\/sfm-management.org\/?page_id=1008"},"modified":"2024-09-08T23:39:35","modified_gmt":"2024-09-08T21:39:35","slug":"presidence","status":"publish","type":"page","link":"https:\/\/sfm-management.org\/index.php\/presidence\/","title":{"rendered":"Pr\u00e9sidence"},"content":{"rendered":"<div data-colibri-id=\"1008-c1\" class=\"style-889 style-local-1008-c1 position-relative\">\n  <!---->\n  <div data-colibri-component=\"section\" data-colibri-id=\"1008-c2\" id=\"about\" class=\"h-section h-section-global-spacing d-flex align-items-lg-center align-items-md-center align-items-center style-890 style-local-1008-c2 position-relative\">\n    <!---->\n    <!---->\n    <div class=\"h-section-grid-container h-section-boxed-container\">\n      <!---->\n      <div data-colibri-id=\"1008-c3\" class=\"h-row-container gutters-row-lg-2 gutters-row-md-2 gutters-row-2 gutters-row-v-lg-2 gutters-row-v-md-2 gutters-row-v-2 style-891 style-local-1008-c3 position-relative\">\n        <!---->\n        <div class=\"h-row justify-content-lg-center justify-content-md-center justify-content-center align-items-lg-stretch align-items-md-stretch align-items-stretch gutters-col-lg-2 gutters-col-md-2 gutters-col-2 gutters-col-v-lg-2 gutters-col-v-md-2 gutters-col-v-2\">\n          <!---->\n          <div class=\"h-column h-column-container d-flex h-col-lg-auto h-col-md-auto h-col-auto style-892-outer style-local-1008-c4-outer\">\n            <div data-colibri-id=\"1008-c4\" class=\"d-flex h-flex-basis h-column__inner h-px-lg-2 h-px-md-2 h-px-2 v-inner-lg-2 v-inner-md-2 v-inner-2 style-892 style-local-1008-c4 position-relative\">\n              <!---->\n              <!---->\n              <div class=\"w-100 h-y-container h-column__content h-column__v-align flex-basis-100 align-self-lg-center align-self-md-center align-self-center\">\n                <!---->\n                <div data-colibri-id=\"1008-c5\" class=\"h-global-transition-all h-heading style-894 style-local-1008-c5 position-relative h-element\">\n                  <!---->\n                  <div class=\"h-heading__outer style-894 style-local-1008-c5\">\n                    <!---->\n                    <!---->\n                    <h2 class=\"\">La Pr\u00e9sidence de la SFM&nbsp;<\/h2>\n                  <\/div>\n                <\/div>\n                <div data-colibri-id=\"1008-c6\" class=\"h-text h-text-component style-895 style-local-1008-c6 position-relative h-element\">\n                  <!---->\n                  <!---->\n                  <div class=\"\">\n                    <p>Lors de sa derni\u00e8re assembl\u00e9e g\u00e9n\u00e9rale du 12 mars 2024, la Soci\u00e9t\u00e9 Fran\u00e7aise de Management (SFM) a port\u00e9 \u00e0 sa pr\u00e9sidence J\u00e9r\u00f4me M\u00e9ric, professeur \u00e0 l\u2019IAE de Poitiers, sp\u00e9cialis\u00e9 en contr\u00f4le de gestion et en gestion financi\u00e8re. Son\n                      parcours professionnel l\u2019a amen\u00e9 \u00e0 enseigner successivement \u00e0 HEC, \u00e0 l\u2019ESCEM et \u00e0 l\u2019universit\u00e9 de Tours. \u00c0 Poitiers, il a dirig\u00e9 le laboratoire CEREGE, puis l\u2019IAE&nbsp;&nbsp;entre 2017 et 2022. Il est l\u2019auteur de nombreuses publications\n                      scientifiques et manuels de r\u00e9f\u00e9rence en contr\u00f4le de gestion et gestion financi\u00e8re. Il est membre actif d\u2019associations acad\u00e9miques nationales (AFC-CCA) et internationales (Academy of Management, EURAM) et participe au comit\u00e9 \u00e9ditorial\n                      de revues r\u00e9f\u00e9renc\u00e9es (<em>Academy of Management Learning &amp; Education<\/em>,&nbsp;<em>Comptabilit\u00e9-Contr\u00f4le-Audit<\/em>,&nbsp;<em>Society and Business Review<\/em>). Il est \u00e9galement r\u00e9dacteur en chef d<em>\u2019Entreprise &amp; Soci\u00e9t\u00e9<\/em>,\n                      et r\u00e9dacteur adjoint de&nbsp;<em>European Management Review.<\/em>&nbsp;Il co-dirige la collection \u201cBusiness for Society\u201d<em>&nbsp;<\/em>chez Routledge.&nbsp;Membre de la commission d\u2019\u00e9valuation des formations et dipl\u00f4mes en gestion\n                      (CEFDG), il a \u00e9galement rejoint le Hc\u00e9res en tant que conseiller scientifique \u00e0 la direction de l&rsquo;\u00e9valuation de la recherche. Depuis juin 2024, il fait partie du coll\u00e8ge des&nbsp;<em>fellows&nbsp;<\/em>d\u2019EURAM.&nbsp;<\/p>\n                  <\/div>\n                <\/div>\n              <\/div>\n            <\/div>\n          <\/div>\n          <div class=\"h-column h-column-container d-flex h-col-lg-auto h-col-md-auto h-col-auto style-898-outer style-local-1008-c7-outer\">\n            <div data-colibri-id=\"1008-c7\" class=\"d-flex h-flex-basis h-column__inner h-px-lg-2 h-px-md-2 h-px-2 v-inner-lg-2 v-inner-md-2 v-inner-2 style-898 style-local-1008-c7 position-relative\">\n              <!---->\n              <!---->\n              <div class=\"w-100 h-y-container h-column__content h-column__v-align flex-basis-100 align-self-lg-center align-self-md-center align-self-center\">\n                <!---->\n                <div data-colibri-id=\"1008-c8\" class=\"d-block style-899 style-local-1008-c8 position-relative h-element\">\n                  <!---->\n                  <div class=\"h-image__frame-container-outer\">\n                    <div class=\"h-image__frame-container\">\n                      <!---->\n                      <!---->\n                      <img width=\"1708\" height=\"1710\" src=\"https:\/\/sfm-management.org\/wp-content\/uploads\/2020\/12\/cropped-cropped-meric-scaled-1.jpg\" class=\"wp-image-1466 style-899-image style-local-1008-c8-image\" srcset=\"https:\/\/sfm-management.org\/wp-content\/uploads\/2020\/12\/cropped-cropped-meric-scaled-1.jpg 1708w, https:\/\/sfm-management.org\/wp-content\/uploads\/2020\/12\/cropped-cropped-meric-scaled-1-300x300.jpg 300w, https:\/\/sfm-management.org\/wp-content\/uploads\/2020\/12\/cropped-cropped-meric-scaled-1-1024x1024.jpg 1024w, https:\/\/sfm-management.org\/wp-content\/uploads\/2020\/12\/cropped-cropped-meric-scaled-1-150x150.jpg 150w, https:\/\/sfm-management.org\/wp-content\/uploads\/2020\/12\/cropped-cropped-meric-scaled-1-768x769.jpg 768w, https:\/\/sfm-management.org\/wp-content\/uploads\/2020\/12\/cropped-cropped-meric-scaled-1-1534x1536.jpg 1534w\" sizes=\"(max-width: 1708px) 100vw, 1708px\" alt=\"\" \/>\n                      <div class=\"h-image__frame h-hide-sm style-899-frameImage style-local-1008-c8-frameImage\"><\/div>\n                    <\/div>\n                  <\/div>\n                <\/div>\n              <\/div>\n            <\/div>\n          <\/div>\n        <\/div>\n      <\/div>\n    <\/div>\n  <\/div>\n<\/div>","protected":false},"excerpt":{"rendered":"<p>La Pr\u00e9sidence de la SFM&nbsp; Lors de sa derni\u00e8re assembl\u00e9e g\u00e9n\u00e9rale du 12 mars 2024, la Soci\u00e9t\u00e9 Fran\u00e7aise de Management (SFM) a port\u00e9 \u00e0 sa pr\u00e9sidence J\u00e9r\u00f4me M\u00e9ric, professeur \u00e0 l\u2019IAE de Poitiers, sp\u00e9cialis\u00e9 en contr\u00f4le de gestion et en gestion financi\u00e8re. Son parcours professionnel l\u2019a amen\u00e9 \u00e0 enseigner successivement \u00e0 HEC, \u00e0 l\u2019ESCEM et [&hellip;]<\/p>\n","protected":false},"author":1,"featured_media":0,"parent":0,"menu_order":0,"comment_status":"closed","ping_status":"closed","template":"page-templates\/full-width-page.php","meta":[],"yoast_head":"<!-- This site is optimized with the Yoast SEO plugin v19.4 - https:\/\/yoast.com\/wordpress\/plugins\/seo\/ -->\n<title>Pr\u00e9sidence - Soci\u00e9t\u00e9 Fran\u00e7aise de Management<\/title>\n<meta name=\"robots\" content=\"index, follow, max-snippet:-1, max-image-preview:large, max-video-preview:-1\" \/>\n<link rel=\"canonical\" href=\"https:\/\/sfm-management.org\/index.php\/presidence\/\" \/>\n<meta property=\"og:locale\" content=\"fr_FR\" \/>\n<meta property=\"og:type\" content=\"article\" \/>\n<meta property=\"og:title\" content=\"Pr\u00e9sidence - Soci\u00e9t\u00e9 Fran\u00e7aise de Management\" \/>\n<meta property=\"og:description\" content=\"La Pr\u00e9sidence de la SFM&nbsp; Lors de sa derni\u00e8re assembl\u00e9e g\u00e9n\u00e9rale du 12 mars 2024, la Soci\u00e9t\u00e9 Fran\u00e7aise de Management (SFM) a port\u00e9 \u00e0 sa pr\u00e9sidence J\u00e9r\u00f4me M\u00e9ric, professeur \u00e0 l\u2019IAE de Poitiers, sp\u00e9cialis\u00e9 en contr\u00f4le de gestion et en gestion financi\u00e8re. Son parcours professionnel l\u2019a amen\u00e9 \u00e0 enseigner successivement \u00e0 HEC, \u00e0 l\u2019ESCEM et [&hellip;]\" \/>\n<meta property=\"og:url\" content=\"https:\/\/sfm-management.org\/index.php\/presidence\/\" \/>\n<meta property=\"og:site_name\" content=\"Soci\u00e9t\u00e9 Fran\u00e7aise de Management\" \/>\n<meta property=\"article:modified_time\" content=\"2024-09-08T21:39:35+00:00\" \/>\n<meta property=\"og:image\" content=\"https:\/\/sfm-management.org\/wp-content\/uploads\/2020\/12\/cropped-cropped-meric-scaled-1.jpg\" \/>\n<meta name=\"twitter:card\" content=\"summary_large_image\" \/>\n<meta name=\"twitter:site\" content=\"@SocFrMgmt\" \/>\n<meta name=\"twitter:label1\" content=\"Dur\u00e9e de lecture estim\u00e9e\" \/>\n\t<meta name=\"twitter:data1\" content=\"1 minute\" \/>\n<script type=\"application\/ld+json\" class=\"yoast-schema-graph\">{\"@context\":\"https:\/\/schema.org\",\"@graph\":[{\"@type\":\"Organization\",\"@id\":\"https:\/\/sfm-management.org\/#organization\",\"name\":\"Soci\u00e9t\u00e9 Fran\u00e7aise de Management\",\"url\":\"https:\/\/sfm-management.org\/\",\"sameAs\":[\"https:\/\/www.linkedin.com\/company\/70413167\/\",\"https:\/\/twitter.com\/SocFrMgmt\"],\"logo\":{\"@type\":\"ImageObject\",\"inLanguage\":\"fr-FR\",\"@id\":\"https:\/\/sfm-management.org\/#\/schema\/logo\/image\/\",\"url\":\"https:\/\/sfm-management.org\/wp-content\/uploads\/2020\/09\/cropped-logo-1.png\",\"contentUrl\":\"https:\/\/sfm-management.org\/wp-content\/uploads\/2020\/09\/cropped-logo-1.png\",\"width\":345,\"height\":238,\"caption\":\"Soci\u00e9t\u00e9 Fran\u00e7aise de Management\"},\"image\":{\"@id\":\"https:\/\/sfm-management.org\/#\/schema\/logo\/image\/\"}},{\"@type\":\"WebSite\",\"@id\":\"https:\/\/sfm-management.org\/#website\",\"url\":\"https:\/\/sfm-management.org\/\",\"name\":\"Soci\u00e9t\u00e9 Fran\u00e7aise de Management\",\"description\":\"\",\"publisher\":{\"@id\":\"https:\/\/sfm-management.org\/#organization\"},\"potentialAction\":[{\"@type\":\"SearchAction\",\"target\":{\"@type\":\"EntryPoint\",\"urlTemplate\":\"https:\/\/sfm-management.org\/?s={search_term_string}\"},\"query-input\":\"required name=search_term_string\"}],\"inLanguage\":\"fr-FR\"},{\"@type\":\"WebPage\",\"@id\":\"https:\/\/sfm-management.org\/index.php\/presidence\/\",\"url\":\"https:\/\/sfm-management.org\/index.php\/presidence\/\",\"name\":\"Pr\u00e9sidence - Soci\u00e9t\u00e9 Fran\u00e7aise de Management\",\"isPartOf\":{\"@id\":\"https:\/\/sfm-management.org\/#website\"},\"datePublished\":\"2024-02-01T15:48:03+00:00\",\"dateModified\":\"2024-09-08T21:39:35+00:00\",\"breadcrumb\":{\"@id\":\"https:\/\/sfm-management.org\/index.php\/presidence\/#breadcrumb\"},\"inLanguage\":\"fr-FR\",\"potentialAction\":[{\"@type\":\"ReadAction\",\"target\":[\"https:\/\/sfm-management.org\/index.php\/presidence\/\"]}]},{\"@type\":\"BreadcrumbList\",\"@id\":\"https:\/\/sfm-management.org\/index.php\/presidence\/#breadcrumb\",\"itemListElement\":[{\"@type\":\"ListItem\",\"position\":1,\"name\":\"Accueil\",\"item\":\"https:\/\/sfm-management.org\/\"},{\"@type\":\"ListItem\",\"position\":2,\"name\":\"Pr\u00e9sidence\"}]}]}<\/script>\n<!-- \/ Yoast SEO plugin. -->","yoast_head_json":{"title":"Pr\u00e9sidence - Soci\u00e9t\u00e9 Fran\u00e7aise de Management","robots":{"index":"index","follow":"follow","max-snippet":"max-snippet:-1","max-image-preview":"max-image-preview:large","max-video-preview":"max-video-preview:-1"},"canonical":"https:\/\/sfm-management.org\/index.php\/presidence\/","og_locale":"fr_FR","og_type":"article","og_title":"Pr\u00e9sidence - Soci\u00e9t\u00e9 Fran\u00e7aise de Management","og_description":"La Pr\u00e9sidence de la SFM&nbsp; Lors de sa derni\u00e8re assembl\u00e9e g\u00e9n\u00e9rale du 12 mars 2024, la Soci\u00e9t\u00e9 Fran\u00e7aise de Management (SFM) a port\u00e9 \u00e0 sa pr\u00e9sidence J\u00e9r\u00f4me M\u00e9ric, professeur \u00e0 l\u2019IAE de Poitiers, sp\u00e9cialis\u00e9 en contr\u00f4le de gestion et en gestion financi\u00e8re. Son parcours professionnel l\u2019a amen\u00e9 \u00e0 enseigner successivement \u00e0 HEC, \u00e0 l\u2019ESCEM et [&hellip;]","og_url":"https:\/\/sfm-management.org\/index.php\/presidence\/","og_site_name":"Soci\u00e9t\u00e9 Fran\u00e7aise de Management","article_modified_time":"2024-09-08T21:39:35+00:00","og_image":[{"url":"https:\/\/sfm-management.org\/wp-content\/uploads\/2020\/12\/cropped-cropped-meric-scaled-1.jpg"}],"twitter_card":"summary_large_image","twitter_site":"@SocFrMgmt","twitter_misc":{"Dur\u00e9e de lecture estim\u00e9e":"1 minute"},"schema":{"@context":"https:\/\/schema.org","@graph":[{"@type":"Organization","@id":"https:\/\/sfm-management.org\/#organization","name":"Soci\u00e9t\u00e9 Fran\u00e7aise de Management","url":"https:\/\/sfm-management.org\/","sameAs":["https:\/\/www.linkedin.com\/company\/70413167\/","https:\/\/twitter.com\/SocFrMgmt"],"logo":{"@type":"ImageObject","inLanguage":"fr-FR","@id":"https:\/\/sfm-management.org\/#\/schema\/logo\/image\/","url":"https:\/\/sfm-management.org\/wp-content\/uploads\/2020\/09\/cropped-logo-1.png","contentUrl":"https:\/\/sfm-management.org\/wp-content\/uploads\/2020\/09\/cropped-logo-1.png","width":345,"height":238,"caption":"Soci\u00e9t\u00e9 Fran\u00e7aise de Management"},"image":{"@id":"https:\/\/sfm-management.org\/#\/schema\/logo\/image\/"}},{"@type":"WebSite","@id":"https:\/\/sfm-management.org\/#website","url":"https:\/\/sfm-management.org\/","name":"Soci\u00e9t\u00e9 Fran\u00e7aise de Management","description":"","publisher":{"@id":"https:\/\/sfm-management.org\/#organization"},"potentialAction":[{"@type":"SearchAction","target":{"@type":"EntryPoint","urlTemplate":"https:\/\/sfm-management.org\/?s={search_term_string}"},"query-input":"required name=search_term_string"}],"inLanguage":"fr-FR"},{"@type":"WebPage","@id":"https:\/\/sfm-management.org\/index.php\/presidence\/","url":"https:\/\/sfm-management.org\/index.php\/presidence\/","name":"Pr\u00e9sidence - Soci\u00e9t\u00e9 Fran\u00e7aise de Management","isPartOf":{"@id":"https:\/\/sfm-management.org\/#website"},"datePublished":"2024-02-01T15:48:03+00:00","dateModified":"2024-09-08T21:39:35+00:00","breadcrumb":{"@id":"https:\/\/sfm-management.org\/index.php\/presidence\/#breadcrumb"},"inLanguage":"fr-FR","potentialAction":[{"@type":"ReadAction","target":["https:\/\/sfm-management.org\/index.php\/presidence\/"]}]},{"@type":"BreadcrumbList","@id":"https:\/\/sfm-management.org\/index.php\/presidence\/#breadcrumb","itemListElement":[{"@type":"ListItem","position":1,"name":"Accueil","item":"https:\/\/sfm-management.org\/"},{"@type":"ListItem","position":2,"name":"Pr\u00e9sidence"}]}]}},"_links":{"self":[{"href":"https:\/\/sfm-management.org\/index.php\/wp-json\/wp\/v2\/pages\/1008"}],"collection":[{"href":"https:\/\/sfm-management.org\/index.php\/wp-json\/wp\/v2\/pages"}],"about":[{"href":"https:\/\/sfm-management.org\/index.php\/wp-json\/wp\/v2\/types\/page"}],"author":[{"embeddable":true,"href":"https:\/\/sfm-management.org\/index.php\/wp-json\/wp\/v2\/users\/1"}],"replies":[{"embeddable":true,"href":"https:\/\/sfm-management.org\/index.php\/wp-json\/wp\/v2\/comments?post=1008"}],"version-history":[{"count":6,"href":"https:\/\/sfm-management.org\/index.php\/wp-json\/wp\/v2\/pages\/1008\/revisions"}],"predecessor-version":[{"id":1565,"href":"https:\/\/sfm-management.org\/index.php\/wp-json\/wp\/v2\/pages\/1008\/revisions\/1565"}],"wp:attachment":[{"href":"https:\/\/sfm-management.org\/index.php\/wp-json\/wp\/v2\/media?parent=1008"}],"curies":[{"name":"wp","href":"https:\/\/api.w.org\/{rel}","templated":true}]}}